{"id":6995,"date":"2022-12-07T22:56:43","date_gmt":"2022-12-07T21:56:43","guid":{"rendered":"https:\/\/acmarines.fr\/?page_id=6995"},"modified":"2023-12-07T10:51:28","modified_gmt":"2023-12-07T09:51:28","slug":"bureau","status":"publish","type":"page","link":"https:\/\/acmarines.fr\/?page_id=6995","title":{"rendered":"Le bureau 2022-2023"},"content":{"rendered":"\n<p><strong>Suite \u00e0 l\u2019Assembl\u00e9e G\u00e9n\u00e9rale du 25 novembre 2022 et de la r\u00e9union du nouveau bureau, voici sa constitution pour la saison 2022-2023 :<\/strong><\/p>\n\n\n\n<figure class=\"wp-block-image aligncenter size-full\"><img data-recalc-dims=\"1\" loading=\"lazy\" decoding=\"async\" width=\"500\" height=\"261\" src=\"https:\/\/i0.wp.com\/acmarines.fr\/wp-content\/uploads\/2022\/12\/2398140956910260203.jpg?resize=500%2C261&#038;ssl=1\" alt=\"\" class=\"wp-image-6998\" srcset=\"https:\/\/i0.wp.com\/acmarines.fr\/wp-content\/uploads\/2022\/12\/2398140956910260203.jpg?w=500&amp;ssl=1 500w, https:\/\/i0.wp.com\/acmarines.fr\/wp-content\/uploads\/2022\/12\/2398140956910260203.jpg?resize=300%2C157&amp;ssl=1 300w\" sizes=\"auto, (max-width: 500px) 100vw, 500px\" \/><figcaption class=\"wp-element-caption\"><strong>17 membres <\/strong> avec Chantal Carrara sortante cette ann\u00e9e. <\/figcaption><\/figure>\n\n\n\n<p><strong>Pr\u00e9sident<\/strong> : Pascal Renault<\/p>\n\n\n\n<p><strong>Vice Pr\u00e9sident<\/strong> : Vincent Berthelot<\/p>\n\n\n\n<p><strong>Vice Pr\u00e9sident <\/strong>: Anne Hautreux<\/p>\n\n\n\n<p><strong>R\u00e9f\u00e9rents s\u00e9curit\u00e9<\/strong> : Bruno Courtois \/ Sylvain Guyot \/ Anne Hautreux \/ Pascal Renault<\/p>\n\n\n\n<p><strong>Tr\u00e9sorier<\/strong> : Bruno Courtois<\/p>\n\n\n\n<p><strong>Tr\u00e9sorier adjoint<\/strong>&nbsp; : Sylvain Guyot<\/p>\n\n\n\n<p><strong>Secr\u00e9taire <\/strong>: S\u00e9verine Bachelet<\/p>\n\n\n\n<p><strong>Secr\u00e9taires adjointe<\/strong> : C\u00e9line Hozsan \/ Patrice Borie<\/p>\n\n\n\n<p><strong>Pr\u00e9sident d&rsquo;honneur<\/strong> : Jean-Claude Vauchelles<\/p>\n\n\n\n<p><strong>Membre d&rsquo;honneur<\/strong> : Jean Gonnet<\/p>\n\n\n\n<hr class=\"wp-block-separator has-alpha-channel-opacity\"\/>\n\n\n\n<h2 class=\"has-text-align-center wp-block-heading\">FONCTIONS<\/h2>\n\n\n\n<hr class=\"wp-block-separator has-alpha-channel-opacity\"\/>\n\n\n\n<p><strong>Gestion de l\u2019\u00e9cole VTT<\/strong> : Vincent Berthelot \/ Patrice Borie \/ Frederic Weil \/ Mario Pruvost \/ S\u00e9bastien Rolland<\/p>\n\n\n\n<ul class=\"wp-block-list\">\n<li>Message d&rsquo;accueil : Jean-Claude Vauchelles (Pr\u00e9sident d&rsquo;honneur)<\/li>\n\n\n\n<li>Feuilles d\u2019appel&nbsp;:&nbsp;Cl\u00e9o Salvadori<\/li>\n\n\n\n<li>Pr\u00e9paration des plannings&nbsp;: Vincent Berthelot<\/li>\n\n\n\n<li><strong>Relais des \u00c9ducateurs<\/strong> \/ Accompagnateurs&nbsp;: Cl\u00e9o Salvadori, Louise Hautreux, Lucas Borie<\/li>\n\n\n\n<li>Pancartes, Sono&nbsp;: Cl\u00e9oSalvadori<\/li>\n<\/ul>\n\n\n\n<hr class=\"wp-block-separator has-alpha-channel-opacity\"\/>\n\n\n\n<p><strong>Gestion des licences <\/strong>:<\/p>\n\n\n\n<p>UFOLEP : Anne Hautreux \/ C\u00e9line Hozsan \/ S\u00e9verine Bachelet \/ Delphine Salvadori<\/p>\n\n\n\n<p>FFC : Pascal Renault \/ Anne Hautreux<\/p>\n\n\n\n<p>FFTRI : S\u00e9bastien Rolland \/ Frederic Weil<\/p>\n\n\n\n<hr class=\"wp-block-separator has-alpha-channel-opacity\"\/>\n\n\n\n<p><strong>R\u00e9f\u00e9rents :<\/strong><\/p>\n\n\n\n<p>UFOLEP \/ VTT Jeunes : St\u00e9phane Salvadori \/ S\u00e9bastien Rolland \/ Cl\u00e9o Salvadori&nbsp;\/ Lucas Borie<\/p>\n\n\n\n<p>UFOLEP \/ VTT Adultes : Vincent Berthelot \/ S\u00e9bastien Rolland \/ Patrice borie \/ Frederic Weil \/ Mario Pruvost<\/p>\n\n\n\n<p>UFOLEP \/ Cyclosport (Route \/ Cyclo-Cross) : Pascal Renault<\/p>\n\n\n\n<p>UFOLEP \/ Cyclotourisme : Bruno Courtois \/ Sylvain Guyot<\/p>\n\n\n\n<p>FFC :  Pascal Renault  \/ Coupes de France : Louise Hautreux \/ Frederic Weil<\/p>\n\n\n\n<p>TRIATHLON : S\u00e9bastien Rolland \/ Fr\u00e9d\u00e9ric Weil<\/p>\n\n\n\n<hr class=\"wp-block-separator has-alpha-channel-opacity\"\/>\n\n\n\n<p><strong>Responsables : &nbsp;&nbsp;<\/strong><\/p>\n\n\n\n<p>Sponsors : Pascal Renault (Vincent Berthelot)<\/p>\n\n\n\n<p>Liaison Mairie de Marines :&nbsp; Bruno Courtois \/ Vincent Berthelot<\/p>\n\n\n\n<p>Logistique : Julien Ferrandon, St\u00e9phane Salvadori \/ Bruno Courtois<\/p>\n\n\n\n<p>Accueil S\u00e9curit\u00e9 et carrefours : Bruno Courtois \/ Pascal Renault<\/p>\n\n\n\n<p>\u00c9quipements : Bruno Courtois (Adultes &amp; catalogue) \/ Cl\u00e9o Salvadori et C\u00e9line Hozsan (Ecole VTT)<\/p>\n\n\n\n<p>Restauration : St\u00e9phane Salvadori \/ Julien Ferrandon \/ Bruno Courtois<\/p>\n\n\n\n<p>Ouvertures courses : Sylvain Guyot \/ Vincent Berthelot \/ Pascal Renault<\/p>\n\n\n\n<p>Responsable site internet :&nbsp;Pascal Renault&nbsp;&nbsp;&nbsp;&nbsp;<\/p>\n\n\n\n<p>Responsable Facebook : Cl\u00e9o Savaldori \/ Vincent Berthelot<\/p>\n\n\n\n<p>Instagram&nbsp;: Cl\u00e9o Salvadori, Lucas Borie<\/p>\n\n\n\n<hr class=\"wp-block-separator has-alpha-channel-opacity\"\/>\n\n\n\n<p class=\"has-text-align-center\"><strong>R\u00e9union du 07\/12\/2022<\/strong><\/p>\n\n\n\n<figure class=\"wp-block-gallery has-nested-images columns-default is-cropped wp-block-gallery-1 is-layout-flex wp-block-gallery-is-layout-flex\">\n<figure class=\"wp-block-image size-large\"><img data-recalc-dims=\"1\" loading=\"lazy\" decoding=\"async\" width=\"640\" height=\"409\" data-id=\"6996\" src=\"https:\/\/i0.wp.com\/acmarines.fr\/wp-content\/uploads\/2022\/12\/bureau1.jpg?resize=640%2C409&#038;ssl=1\" alt=\"\" class=\"wp-image-6996\" srcset=\"https:\/\/i0.wp.com\/acmarines.fr\/wp-content\/uploads\/2022\/12\/bureau1.jpg?resize=1024%2C654&amp;ssl=1 1024w, https:\/\/i0.wp.com\/acmarines.fr\/wp-content\/uploads\/2022\/12\/bureau1.jpg?resize=300%2C192&amp;ssl=1 300w, https:\/\/i0.wp.com\/acmarines.fr\/wp-content\/uploads\/2022\/12\/bureau1.jpg?resize=768%2C491&amp;ssl=1 768w, https:\/\/i0.wp.com\/acmarines.fr\/wp-content\/uploads\/2022\/12\/bureau1.jpg?resize=1536%2C981&amp;ssl=1 1536w, https:\/\/i0.wp.com\/acmarines.fr\/wp-content\/uploads\/2022\/12\/bureau1.jpg?w=1600&amp;ssl=1 1600w, https:\/\/i0.wp.com\/acmarines.fr\/wp-content\/uploads\/2022\/12\/bureau1.jpg?w=1280&amp;ssl=1 1280w\" sizes=\"auto, (max-width: 640px) 100vw, 640px\" \/><\/figure>\n\n\n\n<figure class=\"wp-block-image size-large\"><img data-recalc-dims=\"1\" loading=\"lazy\" decoding=\"async\" width=\"640\" height=\"401\" data-id=\"6997\" src=\"https:\/\/i0.wp.com\/acmarines.fr\/wp-content\/uploads\/2022\/12\/bureau2.jpg?resize=640%2C401&#038;ssl=1\" alt=\"\" class=\"wp-image-6997\" srcset=\"https:\/\/i0.wp.com\/acmarines.fr\/wp-content\/uploads\/2022\/12\/bureau2.jpg?resize=1024%2C641&amp;ssl=1 1024w, https:\/\/i0.wp.com\/acmarines.fr\/wp-content\/uploads\/2022\/12\/bureau2.jpg?resize=300%2C188&amp;ssl=1 300w, https:\/\/i0.wp.com\/acmarines.fr\/wp-content\/uploads\/2022\/12\/bureau2.jpg?resize=768%2C480&amp;ssl=1 768w, https:\/\/i0.wp.com\/acmarines.fr\/wp-content\/uploads\/2022\/12\/bureau2.jpg?resize=1536%2C961&amp;ssl=1 1536w, https:\/\/i0.wp.com\/acmarines.fr\/wp-content\/uploads\/2022\/12\/bureau2.jpg?w=1605&amp;ssl=1 1605w, https:\/\/i0.wp.com\/acmarines.fr\/wp-content\/uploads\/2022\/12\/bureau2.jpg?w=1280&amp;ssl=1 1280w\" sizes=\"auto, (max-width: 640px) 100vw, 640px\" \/><\/figure>\n<\/figure>\n\n\n\n<p class=\"has-text-align-center\"><a href=\"https:\/\/acmarines.fr\/?page_id=829\" data-type=\"URL\" data-id=\"https:\/\/acmarines.fr\/?page_id=829\" target=\"_blank\" rel=\"noreferrer noopener\">L&rsquo;ancien bureau 2021 -2022<\/a><\/p>\n","protected":false},"excerpt":{"rendered":"<p>Suite \u00e0 l\u2019Assembl\u00e9e G\u00e9n\u00e9rale du 25 novembre 2022 et de la r\u00e9union du nouveau bureau, voici sa constitution<\/p>\n","protected":false},"author":1,"featured_media":6998,"parent":0,"menu_order":0,"comment_status":"closed","ping_status":"closed","template":"","meta":{"jetpack_post_was_ever_published":false,"footnotes":""},"class_list":["post-6995","page","type-page","status-publish","has-post-thumbnail","hentry"],"jetpack_sharing_enabled":true,"_links":{"self":[{"href":"https:\/\/acmarines.fr\/index.php?rest_route=\/wp\/v2\/pages\/6995","targetHints":{"allow":["GET"]}}],"collection":[{"href":"https:\/\/acmarines.fr\/index.php?rest_route=\/wp\/v2\/pages"}],"about":[{"href":"https:\/\/acmarines.fr\/index.php?rest_route=\/wp\/v2\/types\/page"}],"author":[{"embeddable":true,"href":"https:\/\/acmarines.fr\/index.php?rest_route=\/wp\/v2\/users\/1"}],"replies":[{"embeddable":true,"href":"https:\/\/acmarines.fr\/index.php?rest_route=%2Fwp%2Fv2%2Fcomments&post=6995"}],"version-history":[{"count":10,"href":"https:\/\/acmarines.fr\/index.php?rest_route=\/wp\/v2\/pages\/6995\/revisions"}],"predecessor-version":[{"id":12453,"href":"https:\/\/acmarines.fr\/index.php?rest_route=\/wp\/v2\/pages\/6995\/revisions\/12453"}],"wp:featuredmedia":[{"embeddable":true,"href":"https:\/\/acmarines.fr\/index.php?rest_route=\/wp\/v2\/media\/6998"}],"wp:attachment":[{"href":"https:\/\/acmarines.fr\/index.php?rest_route=%2Fwp%2Fv2%2Fmedia&parent=6995"}],"curies":[{"name":"wp","href":"https:\/\/api.w.org\/{rel}","templated":true}]}}